{"id":2317,"date":"2023-11-15T19:06:45","date_gmt":"2023-11-15T18:06:45","guid":{"rendered":"https:\/\/test.commanderie-du-touvet.fr\/?page_id=2317"},"modified":"2024-12-17T14:22:24","modified_gmt":"2024-12-17T13:22:24","slug":"mariages-seminaires","status":"publish","type":"page","link":"https:\/\/www.commanderie-du-touvet.fr\/?page_id=2317","title":{"rendered":"Mariages &#038; S\u00e9minaires"},"content":{"rendered":"\t\t<div data-elementor-type=\"wp-page\" data-elementor-id=\"2317\" class=\"elementor elementor-2317\" data-elementor-post-type=\"page\">\n\t\t\t\t\t\t<section class=\"elementor-section elementor-top-section elementor-element elementor-element-4dd9c25 elementor-section-height-min-height cs-section-content-fullwidth cs-parallax-on-scroll cs_scroll_y_80 elementor-section-boxed elementor-section-height-default elementor-section-items-middle\" data-id=\"4dd9c25\" data-element_type=\"section\" data-settings=\"{&quot;background_background&quot;:&quot;classic&quot;}\" data-cs-parallax-y=\"80\" style=\"background-image: none;\" data-cs-background-image=\"https:\/\/test.commanderie-du-touvet.fr\/wp-content\/uploads\/2023\/11\/20210709_182729-scaled.jpg\">\n\t\t\t\t\t\t\t<div class=\"elementor-background-overlay\"><\/div>\n\t\t\t\t\t\t\t<div class=\"elementor-container elementor-column-gap-no\">\n\t\t\t\t\t<div class=\"elementor-column elementor-col-100 elementor-top-column elementor-element elementor-element-1015d92 dark-color\" data-id=\"1015d92\" data-element_type=\"column\">\n\t\t\t<div class=\"elementor-widget-wrap elementor-element-populated\">\n\t\t\t\t\t\t<div class=\"elementor-element elementor-element-a5b4256 elementor-widget elementor-widget-cs_title\" data-id=\"a5b4256\" data-element_type=\"widget\" data-widget_type=\"cs_title.default\">\n\t\t\t\t<div class=\"elementor-widget-container\">\n\t\t\t\t\t\n        <div class=\"cs-title-wrap text-center\">\t            <h1 class=\"cs-title\">\n\t                Mariages &amp; S\u00e9mimaires\t            <\/h1>\t            <div class=\"cs-title-text\">\n\t                <p>La Commanderie est parfaitement adapt\u00e9e pour c\u00e9l\u00e9brer mariages, s\u00e9mimaires et r\u00e9unions de famille.<\/p><p><strong>R\u00e9servez pour vos mariages les fins de semaines \u00e0 partir de 2500\u20ac<\/strong><\/p><p><strong>R\u00e9servez pour vos s\u00e9minaires en semaine \u00e0 partir de 1500\u20ac<\/strong><\/p>\t            <\/div>                <div class=\"cs-title-btn\">\n                    <a class=\"button elementor-button-link\" role=\"button\" href=\"https:\/\/www.commanderie-du-touvet.fr\/?page_id=206\">\n                        <span class=\"cs-btn-text\">Demande de devis<\/span>                    <\/a>\n                <\/div>\n                    <\/div>\t\t\t\t<\/div>\n\t\t\t\t<\/div>\n\t\t\t\t\t<\/div>\n\t\t<\/div>\n\t\t\t\t\t<\/div>\n\t\t<\/section>\n\t\t\t\t<section class=\"elementor-section elementor-top-section elementor-element elementor-element-234acf4 elementor-section-content-middle cs-animation-small-offset elementor-reverse-tablet elementor-reverse-mobile elementor-section-boxed elementor-section-height-default elementor-section-height-default elementor-invisible\" data-id=\"234acf4\" data-element_type=\"section\" data-settings=\"{&quot;animation&quot;:&quot;fadeInUp&quot;,&quot;animation_delay&quot;:300}\">\n\t\t\t\t\t\t<div class=\"elementor-container elementor-column-gap-no\">\n\t\t\t\t\t<div class=\"elementor-column elementor-col-50 elementor-top-column elementor-element elementor-element-d89bdb1\" data-id=\"d89bdb1\" data-element_type=\"column\" data-settings=\"{&quot;background_background&quot;:&quot;classic&quot;}\">\n\t\t\t<div class=\"elementor-widget-wrap elementor-element-populated\">\n\t\t\t\t\t\t<div class=\"elementor-element elementor-element-00a3dbf elementor-widget elementor-widget-cs_title\" data-id=\"00a3dbf\" data-element_type=\"widget\" data-widget_type=\"cs_title.default\">\n\t\t\t\t<div class=\"elementor-widget-container\">\n\t\t\t\t\t\n        <div class=\"cs-title-wrap\">\t            <h4 class=\"cs-title\">\n\t                Salle des Gardes\t            <\/h4>\t            <div class=\"cs-title-text\">\n\t                <p>Avec poutres apparentes, murs en pierres apparentes et sol en tommettes anciennes pouvant accueillir 50 personnes. Cette salle est \u00e9quip\u00e9e d&rsquo;un home cin\u00e9ma. Elle est accessible aux personnes \u00e0 mobilit\u00e9 r\u00e9duite directement par la Cour. Elle a vue sur la cour et le massif de bauges. une cuisine est disponible dans le prolongement. Deux toilettes ind\u00e9pendantes sur le pallier sont disponibles.<\/p>\t            <\/div>        <\/div>\t\t\t\t<\/div>\n\t\t\t\t<\/div>\n\t\t\t\t\t<\/div>\n\t\t<\/div>\n\t\t\t\t<div class=\"elementor-column elementor-col-50 elementor-top-column elementor-element elementor-element-872e3ad\" data-id=\"872e3ad\" data-element_type=\"column\" data-settings=\"{&quot;background_background&quot;:&quot;slideshow&quot;,&quot;background_slideshow_gallery&quot;:[{&quot;id&quot;:1963,&quot;url&quot;:&quot;https:\\\/\\\/www.commanderie-du-touvet.fr\\\/wp-content\\\/uploads\\\/2023\\\/11\\\/salle-des-gardes-1-scaled.jpg&quot;},{&quot;id&quot;:2330,&quot;url&quot;:&quot;https:\\\/\\\/www.commanderie-du-touvet.fr\\\/wp-content\\\/uploads\\\/2023\\\/11\\\/20210709_182628-scaled.jpg&quot;}],&quot;background_slideshow_lazyload&quot;:&quot;yes&quot;,&quot;background_slideshow_ken_burns&quot;:&quot;yes&quot;,&quot;background_slideshow_loop&quot;:&quot;yes&quot;,&quot;background_slideshow_slide_duration&quot;:5000,&quot;background_slideshow_slide_transition&quot;:&quot;fade&quot;,&quot;background_slideshow_transition_duration&quot;:500,&quot;background_slideshow_ken_burns_zoom_direction&quot;:&quot;in&quot;}\">\n\t\t\t<div class=\"elementor-widget-wrap elementor-element-populated\">\n\t\t\t\t\t\t<div class=\"elementor-element elementor-element-2325ebc elementor-widget elementor-widget-spacer\" data-id=\"2325ebc\" data-element_type=\"widget\" data-widget_type=\"spacer.default\">\n\t\t\t\t<div class=\"elementor-widget-container\">\n\t\t\t\t\t\t\t<div class=\"elementor-spacer\">\n\t\t\t<div class=\"elementor-spacer-inner\"><\/div>\n\t\t<\/div>\n\t\t\t\t\t\t<\/div>\n\t\t\t\t<\/div>\n\t\t\t\t\t<\/div>\n\t\t<\/div>\n\t\t\t\t\t<\/div>\n\t\t<\/section>\n\t\t\t\t<section class=\"elementor-section elementor-top-section elementor-element elementor-element-ef8e563 elementor-section-content-middle cs-animation-small-offset elementor-section-boxed elementor-section-height-default elementor-section-height-default elementor-invisible\" data-id=\"ef8e563\" data-element_type=\"section\" data-settings=\"{&quot;animation&quot;:&quot;fadeInUp&quot;,&quot;animation_delay&quot;:300}\">\n\t\t\t\t\t\t<div class=\"elementor-container elementor-column-gap-no\">\n\t\t\t\t\t<div class=\"elementor-column elementor-col-50 elementor-top-column elementor-element elementor-element-471dd3b\" data-id=\"471dd3b\" data-element_type=\"column\" data-settings=\"{&quot;background_background&quot;:&quot;slideshow&quot;,&quot;background_slideshow_gallery&quot;:[{&quot;id&quot;:2900,&quot;url&quot;:&quot;https:\\\/\\\/www.commanderie-du-touvet.fr\\\/wp-content\\\/uploads\\\/2023\\\/11\\\/cuisine_3-scaled-e1701179340923.jpeg&quot;},{&quot;id&quot;:2899,&quot;url&quot;:&quot;https:\\\/\\\/www.commanderie-du-touvet.fr\\\/wp-content\\\/uploads\\\/2023\\\/11\\\/cuisine_2-scaled-e1701178811355.jpeg&quot;}],&quot;background_slideshow_lazyload&quot;:&quot;yes&quot;,&quot;background_slideshow_ken_burns&quot;:&quot;yes&quot;,&quot;background_slideshow_loop&quot;:&quot;yes&quot;,&quot;background_slideshow_slide_duration&quot;:5000,&quot;background_slideshow_slide_transition&quot;:&quot;fade&quot;,&quot;background_slideshow_transition_duration&quot;:500,&quot;background_slideshow_ken_burns_zoom_direction&quot;:&quot;in&quot;}\">\n\t\t\t<div class=\"elementor-widget-wrap elementor-element-populated\">\n\t\t\t\t\t\t<div class=\"elementor-element elementor-element-876ec72 elementor-widget elementor-widget-spacer\" data-id=\"876ec72\" data-element_type=\"widget\" data-widget_type=\"spacer.default\">\n\t\t\t\t<div class=\"elementor-widget-container\">\n\t\t\t\t\t\t\t<div class=\"elementor-spacer\">\n\t\t\t<div class=\"elementor-spacer-inner\"><\/div>\n\t\t<\/div>\n\t\t\t\t\t\t<\/div>\n\t\t\t\t<\/div>\n\t\t\t\t\t<\/div>\n\t\t<\/div>\n\t\t\t\t<div class=\"elementor-column elementor-col-50 elementor-top-column elementor-element elementor-element-e78e74a\" data-id=\"e78e74a\" data-element_type=\"column\" data-settings=\"{&quot;background_background&quot;:&quot;classic&quot;}\">\n\t\t\t<div class=\"elementor-widget-wrap elementor-element-populated\">\n\t\t\t\t\t\t<div class=\"elementor-element elementor-element-9cf221d elementor-widget elementor-widget-cs_title\" data-id=\"9cf221d\" data-element_type=\"widget\" data-widget_type=\"cs_title.default\">\n\t\t\t\t<div class=\"elementor-widget-container\">\n\t\t\t\t\t\n        <div class=\"cs-title-wrap\">\t            <h4 class=\"cs-title\">\n\t                Cuisine\t            <\/h4>\t            <div class=\"cs-title-text\">\n\t                <p>Une cuisine toute \u00e9quip\u00e9e semie professionelle est \u00e0 disposition pour les traiteurs. Elle est accessible depuis la Salle des Gardes et a un acc\u00e9s \u00e0 la terrasse.<\/p>\t            <\/div>        <\/div>\t\t\t\t<\/div>\n\t\t\t\t<\/div>\n\t\t\t\t\t<\/div>\n\t\t<\/div>\n\t\t\t\t\t<\/div>\n\t\t<\/section>\n\t\t\t\t<section class=\"elementor-section elementor-top-section elementor-element elementor-element-e314a99 elementor-section-content-middle cs-animation-small-offset elementor-reverse-tablet elementor-reverse-mobile elementor-section-boxed elementor-section-height-default elementor-section-height-default elementor-invisible\" data-id=\"e314a99\" data-element_type=\"section\" data-settings=\"{&quot;animation&quot;:&quot;fadeInUp&quot;,&quot;animation_delay&quot;:300}\">\n\t\t\t\t\t\t<div class=\"elementor-container elementor-column-gap-no\">\n\t\t\t\t\t<div class=\"elementor-column elementor-col-50 elementor-top-column elementor-element elementor-element-9916745\" data-id=\"9916745\" data-element_type=\"column\" data-settings=\"{&quot;background_background&quot;:&quot;classic&quot;}\">\n\t\t\t<div class=\"elementor-widget-wrap elementor-element-populated\">\n\t\t\t\t\t\t<div class=\"elementor-element elementor-element-1d35c2c elementor-widget elementor-widget-cs_title\" data-id=\"1d35c2c\" data-element_type=\"widget\" data-widget_type=\"cs_title.default\">\n\t\t\t\t<div class=\"elementor-widget-container\">\n\t\t\t\t\t\n        <div class=\"cs-title-wrap\">\t            <h4 class=\"cs-title\">\n\t                Salle du Lac\t            <\/h4>\t            <div class=\"cs-title-text\">\n\t                <p>Attenante \u00e0 la salle des gardes, avec une imposante chemin\u00e9e, poutres apparentes, sol en tommettes et pouvant accueillir 20 personnes. Cette salle donne sur la terrasse et le parc.<\/p>\t            <\/div>        <\/div>\t\t\t\t<\/div>\n\t\t\t\t<\/div>\n\t\t\t\t\t<\/div>\n\t\t<\/div>\n\t\t\t\t<div class=\"elementor-column elementor-col-50 elementor-top-column elementor-element elementor-element-0c3a6b1\" data-id=\"0c3a6b1\" data-element_type=\"column\" data-settings=\"{&quot;background_background&quot;:&quot;slideshow&quot;,&quot;background_slideshow_gallery&quot;:[{&quot;id&quot;:1964,&quot;url&quot;:&quot;https:\\\/\\\/www.commanderie-du-touvet.fr\\\/wp-content\\\/uploads\\\/2023\\\/11\\\/salle-du-lac-1-scaled.jpg&quot;},{&quot;id&quot;:2521,&quot;url&quot;:&quot;https:\\\/\\\/www.commanderie-du-touvet.fr\\\/wp-content\\\/uploads\\\/2023\\\/11\\\/WhatsApp-Image-2021-07-10-at-13.10.59-1.jpeg&quot;}],&quot;background_slideshow_lazyload&quot;:&quot;yes&quot;,&quot;background_slideshow_ken_burns&quot;:&quot;yes&quot;,&quot;background_slideshow_loop&quot;:&quot;yes&quot;,&quot;background_slideshow_slide_duration&quot;:5000,&quot;background_slideshow_slide_transition&quot;:&quot;fade&quot;,&quot;background_slideshow_transition_duration&quot;:500,&quot;background_slideshow_ken_burns_zoom_direction&quot;:&quot;in&quot;}\">\n\t\t\t<div class=\"elementor-widget-wrap elementor-element-populated\">\n\t\t\t\t\t\t<div class=\"elementor-element elementor-element-722a97f elementor-widget elementor-widget-spacer\" data-id=\"722a97f\" data-element_type=\"widget\" data-widget_type=\"spacer.default\">\n\t\t\t\t<div class=\"elementor-widget-container\">\n\t\t\t\t\t\t\t<div class=\"elementor-spacer\">\n\t\t\t<div class=\"elementor-spacer-inner\"><\/div>\n\t\t<\/div>\n\t\t\t\t\t\t<\/div>\n\t\t\t\t<\/div>\n\t\t\t\t\t<\/div>\n\t\t<\/div>\n\t\t\t\t\t<\/div>\n\t\t<\/section>\n\t\t\t\t<section class=\"elementor-section elementor-top-section elementor-element elementor-element-d2438a3 elementor-section-content-middle cs-animation-small-offset elementor-section-boxed elementor-section-height-default elementor-section-height-default elementor-invisible\" data-id=\"d2438a3\" data-element_type=\"section\" data-settings=\"{&quot;animation&quot;:&quot;fadeInUp&quot;,&quot;animation_delay&quot;:300}\">\n\t\t\t\t\t\t<div class=\"elementor-container elementor-column-gap-no\">\n\t\t\t\t\t<div class=\"elementor-column elementor-col-50 elementor-top-column elementor-element elementor-element-22b156e\" data-id=\"22b156e\" data-element_type=\"column\" data-settings=\"{&quot;background_background&quot;:&quot;slideshow&quot;,&quot;background_slideshow_gallery&quot;:[{&quot;id&quot;:1857,&quot;url&quot;:&quot;https:\\\/\\\/www.commanderie-du-touvet.fr\\\/wp-content\\\/uploads\\\/2023\\\/11\\\/la-commanderie-du-touvet-1.jpg&quot;},{&quot;id&quot;:1966,&quot;url&quot;:&quot;https:\\\/\\\/www.commanderie-du-touvet.fr\\\/wp-content\\\/uploads\\\/2023\\\/11\\\/salle-voutee-caveau-1-scaled.jpg&quot;}],&quot;background_slideshow_lazyload&quot;:&quot;yes&quot;,&quot;background_slideshow_ken_burns&quot;:&quot;yes&quot;,&quot;background_slideshow_loop&quot;:&quot;yes&quot;,&quot;background_slideshow_slide_duration&quot;:5000,&quot;background_slideshow_slide_transition&quot;:&quot;fade&quot;,&quot;background_slideshow_transition_duration&quot;:500,&quot;background_slideshow_ken_burns_zoom_direction&quot;:&quot;in&quot;}\">\n\t\t\t<div class=\"elementor-widget-wrap elementor-element-populated\">\n\t\t\t\t\t\t<div class=\"elementor-element elementor-element-ca389c7 elementor-widget elementor-widget-spacer\" data-id=\"ca389c7\" data-element_type=\"widget\" data-widget_type=\"spacer.default\">\n\t\t\t\t<div class=\"elementor-widget-container\">\n\t\t\t\t\t\t\t<div class=\"elementor-spacer\">\n\t\t\t<div class=\"elementor-spacer-inner\"><\/div>\n\t\t<\/div>\n\t\t\t\t\t\t<\/div>\n\t\t\t\t<\/div>\n\t\t\t\t\t<\/div>\n\t\t<\/div>\n\t\t\t\t<div class=\"elementor-column elementor-col-50 elementor-top-column elementor-element elementor-element-4eeebed\" data-id=\"4eeebed\" data-element_type=\"column\" data-settings=\"{&quot;background_background&quot;:&quot;classic&quot;}\">\n\t\t\t<div class=\"elementor-widget-wrap elementor-element-populated\">\n\t\t\t\t\t\t<div class=\"elementor-element elementor-element-ceae6b0 elementor-widget elementor-widget-cs_title\" data-id=\"ceae6b0\" data-element_type=\"widget\" data-widget_type=\"cs_title.default\">\n\t\t\t\t<div class=\"elementor-widget-container\">\n\t\t\t\t\t\n        <div class=\"cs-title-wrap\">\t            <h4 class=\"cs-title\">\n\t                Salle Vout\u00e9e Caveau\t            <\/h4>\t            <div class=\"cs-title-text\">\n\t                <p>Sous la salle des gardes et accessible par l&rsquo;int\u00e9rieur comme par l&rsquo;ext\u00e9rieur en toute ind\u00e9pendance. Avec mur en pierres apparentes vout\u00e9e et sol en parquet pouvant accueillir 20 personnes. Cette salle est \u00e9quip\u00e9 d&rsquo;un r\u00e9troprojecteur avec un grand \u00e9cran.<\/p>\t            <\/div>        <\/div>\t\t\t\t<\/div>\n\t\t\t\t<\/div>\n\t\t\t\t\t<\/div>\n\t\t<\/div>\n\t\t\t\t\t<\/div>\n\t\t<\/section>\n\t\t\t\t<section class=\"elementor-section elementor-top-section elementor-element elementor-element-59cde39 elementor-section-content-middle cs-animation-small-offset elementor-reverse-tablet elementor-reverse-mobile elementor-section-boxed elementor-section-height-default elementor-section-height-default elementor-invisible\" data-id=\"59cde39\" data-element_type=\"section\" data-settings=\"{&quot;animation&quot;:&quot;fadeInUp&quot;,&quot;animation_delay&quot;:300}\">\n\t\t\t\t\t\t<div class=\"elementor-container elementor-column-gap-no\">\n\t\t\t\t\t<div class=\"elementor-column elementor-col-50 elementor-top-column elementor-element elementor-element-9dd7d35\" data-id=\"9dd7d35\" data-element_type=\"column\" data-settings=\"{&quot;background_background&quot;:&quot;classic&quot;}\">\n\t\t\t<div class=\"elementor-widget-wrap elementor-element-populated\">\n\t\t\t\t\t\t<div class=\"elementor-element elementor-element-70d1696 elementor-widget elementor-widget-cs_title\" data-id=\"70d1696\" data-element_type=\"widget\" data-widget_type=\"cs_title.default\">\n\t\t\t\t<div class=\"elementor-widget-container\">\n\t\t\t\t\t\n        <div class=\"cs-title-wrap\">\t            <h4 class=\"cs-title\">\n\t                Grand Salon\t            <\/h4>\t            <div class=\"cs-title-text\">\n\t                <p>Avec chemin\u00e9e, home cin\u00e9ma, lustre, canap\u00e9 clubs, vue sur le parc. Vous pourrez profiter des fauteuils pour bavarder, lire, jouer ou avoir une discussion grand confort.<\/p>\t            <\/div>        <\/div>\t\t\t\t<\/div>\n\t\t\t\t<\/div>\n\t\t\t\t\t<\/div>\n\t\t<\/div>\n\t\t\t\t<div class=\"elementor-column elementor-col-50 elementor-top-column elementor-element elementor-element-faf8e42\" data-id=\"faf8e42\" data-element_type=\"column\" data-settings=\"{&quot;background_background&quot;:&quot;slideshow&quot;,&quot;background_slideshow_gallery&quot;:[{&quot;id&quot;:1948,&quot;url&quot;:&quot;https:\\\/\\\/www.commanderie-du-touvet.fr\\\/wp-content\\\/uploads\\\/2023\\\/11\\\/grand-salon-1-scaled.jpg&quot;},{&quot;id&quot;:2910,&quot;url&quot;:&quot;https:\\\/\\\/www.commanderie-du-touvet.fr\\\/wp-content\\\/uploads\\\/2023\\\/11\\\/grand_salon_3-scaled.jpeg&quot;}],&quot;background_slideshow_lazyload&quot;:&quot;yes&quot;,&quot;background_slideshow_ken_burns&quot;:&quot;yes&quot;,&quot;background_slideshow_loop&quot;:&quot;yes&quot;,&quot;background_slideshow_slide_duration&quot;:5000,&quot;background_slideshow_slide_transition&quot;:&quot;fade&quot;,&quot;background_slideshow_transition_duration&quot;:500,&quot;background_slideshow_ken_burns_zoom_direction&quot;:&quot;in&quot;}\">\n\t\t\t<div class=\"elementor-widget-wrap elementor-element-populated\">\n\t\t\t\t\t\t<div class=\"elementor-element elementor-element-fcd8dce elementor-widget elementor-widget-spacer\" data-id=\"fcd8dce\" data-element_type=\"widget\" data-widget_type=\"spacer.default\">\n\t\t\t\t<div class=\"elementor-widget-container\">\n\t\t\t\t\t\t\t<div class=\"elementor-spacer\">\n\t\t\t<div class=\"elementor-spacer-inner\"><\/div>\n\t\t<\/div>\n\t\t\t\t\t\t<\/div>\n\t\t\t\t<\/div>\n\t\t\t\t\t<\/div>\n\t\t<\/div>\n\t\t\t\t\t<\/div>\n\t\t<\/section>\n\t\t\t\t<section class=\"elementor-section elementor-top-section elementor-element elementor-element-266e222 elementor-section-content-middle cs-animation-small-offset elementor-section-boxed elementor-section-height-default elementor-section-height-default elementor-invisible\" data-id=\"266e222\" data-element_type=\"section\" data-settings=\"{&quot;animation&quot;:&quot;fadeInUp&quot;,&quot;animation_delay&quot;:300}\">\n\t\t\t\t\t\t<div class=\"elementor-container elementor-column-gap-no\">\n\t\t\t\t\t<div class=\"elementor-column elementor-col-50 elementor-top-column elementor-element elementor-element-caaba51\" data-id=\"caaba51\" data-element_type=\"column\" data-settings=\"{&quot;background_background&quot;:&quot;slideshow&quot;,&quot;background_slideshow_gallery&quot;:[{&quot;id&quot;:1965,&quot;url&quot;:&quot;https:\\\/\\\/www.commanderie-du-touvet.fr\\\/wp-content\\\/uploads\\\/2023\\\/11\\\/salle-val-coisin-1-scaled.jpg&quot;},{&quot;id&quot;:1945,&quot;url&quot;:&quot;https:\\\/\\\/www.commanderie-du-touvet.fr\\\/wp-content\\\/uploads\\\/2023\\\/11\\\/Domaine4-1-scaled.jpg&quot;}],&quot;background_slideshow_lazyload&quot;:&quot;yes&quot;,&quot;background_slideshow_ken_burns&quot;:&quot;yes&quot;,&quot;background_slideshow_loop&quot;:&quot;yes&quot;,&quot;background_slideshow_slide_duration&quot;:5000,&quot;background_slideshow_slide_transition&quot;:&quot;fade&quot;,&quot;background_slideshow_transition_duration&quot;:500,&quot;background_slideshow_ken_burns_zoom_direction&quot;:&quot;in&quot;}\">\n\t\t\t<div class=\"elementor-widget-wrap elementor-element-populated\">\n\t\t\t\t\t\t<div class=\"elementor-element elementor-element-4997549 elementor-widget elementor-widget-spacer\" data-id=\"4997549\" data-element_type=\"widget\" data-widget_type=\"spacer.default\">\n\t\t\t\t<div class=\"elementor-widget-container\">\n\t\t\t\t\t\t\t<div class=\"elementor-spacer\">\n\t\t\t<div class=\"elementor-spacer-inner\"><\/div>\n\t\t<\/div>\n\t\t\t\t\t\t<\/div>\n\t\t\t\t<\/div>\n\t\t\t\t\t<\/div>\n\t\t<\/div>\n\t\t\t\t<div class=\"elementor-column elementor-col-50 elementor-top-column elementor-element elementor-element-c784ae5\" data-id=\"c784ae5\" data-element_type=\"column\" data-settings=\"{&quot;background_background&quot;:&quot;classic&quot;}\">\n\t\t\t<div class=\"elementor-widget-wrap elementor-element-populated\">\n\t\t\t\t\t\t<div class=\"elementor-element elementor-element-c5a2139 elementor-widget elementor-widget-cs_title\" data-id=\"c5a2139\" data-element_type=\"widget\" data-widget_type=\"cs_title.default\">\n\t\t\t\t<div class=\"elementor-widget-container\">\n\t\t\t\t\t\n        <div class=\"cs-title-wrap\">\t            <h4 class=\"cs-title\">\n\t                Salle du Ma\u00eetre Val Coisin\t            <\/h4>\t            <div class=\"cs-title-text\">\n\t                <p>Avec boiserie, cuisine toute \u00e9quip\u00e9e et d&rsquo;un grand \u00e9cran cette salle est parfaite pour une r\u00e9union entre 12 et 15 personnes. Elle donne cot\u00e9 Coisin et sur un magnifique murier qui h\u00e9bergeait autrefois les vers \u00e0 soies.<\/p>\t            <\/div>        <\/div>\t\t\t\t<\/div>\n\t\t\t\t<\/div>\n\t\t\t\t\t<\/div>\n\t\t<\/div>\n\t\t\t\t\t<\/div>\n\t\t<\/section>\n\t\t\t\t<section class=\"elementor-section elementor-top-section elementor-element elementor-element-4d473fd elementor-section-content-middle cs-animation-small-offset elementor-reverse-tablet elementor-reverse-mobile elementor-section-boxed elementor-section-height-default elementor-section-height-default elementor-invisible\" data-id=\"4d473fd\" data-element_type=\"section\" data-settings=\"{&quot;animation&quot;:&quot;fadeInUp&quot;,&quot;animation_delay&quot;:300}\">\n\t\t\t\t\t\t<div class=\"elementor-container elementor-column-gap-no\">\n\t\t\t\t\t<div class=\"elementor-column elementor-col-50 elementor-top-column elementor-element elementor-element-26b3195\" data-id=\"26b3195\" data-element_type=\"column\" data-settings=\"{&quot;background_background&quot;:&quot;classic&quot;}\">\n\t\t\t<div class=\"elementor-widget-wrap elementor-element-populated\">\n\t\t\t\t\t\t<div class=\"elementor-element elementor-element-65a7b41 elementor-widget elementor-widget-cs_title\" data-id=\"65a7b41\" data-element_type=\"widget\" data-widget_type=\"cs_title.default\">\n\t\t\t\t<div class=\"elementor-widget-container\">\n\t\t\t\t\t\n        <div class=\"cs-title-wrap\">\t            <h4 class=\"cs-title\">\n\t                La Terrasse\t            <\/h4>\t            <div class=\"cs-title-text\">\n\t                <p>150M2 de terrasse en pierre de lause parfaitement adapt\u00e9e pour organiser des ap\u00e9ritifs, cocktails&#8230;<\/p>\t            <\/div>        <\/div>\t\t\t\t<\/div>\n\t\t\t\t<\/div>\n\t\t\t\t\t<\/div>\n\t\t<\/div>\n\t\t\t\t<div class=\"elementor-column elementor-col-50 elementor-top-column elementor-element elementor-element-b574b3e\" data-id=\"b574b3e\" data-element_type=\"column\" data-settings=\"{&quot;background_background&quot;:&quot;slideshow&quot;,&quot;background_slideshow_gallery&quot;:[{&quot;id&quot;:1967,&quot;url&quot;:&quot;https:\\\/\\\/www.commanderie-du-touvet.fr\\\/wp-content\\\/uploads\\\/2023\\\/11\\\/terrasse-1-scaled.jpg&quot;},{&quot;id&quot;:2516,&quot;url&quot;:&quot;https:\\\/\\\/www.commanderie-du-touvet.fr\\\/wp-content\\\/uploads\\\/2023\\\/11\\\/WhatsApp-Image-2021-07-10-at-13.10.58.jpeg&quot;}],&quot;background_slideshow_lazyload&quot;:&quot;yes&quot;,&quot;background_slideshow_ken_burns&quot;:&quot;yes&quot;,&quot;background_slideshow_loop&quot;:&quot;yes&quot;,&quot;background_slideshow_slide_duration&quot;:5000,&quot;background_slideshow_slide_transition&quot;:&quot;fade&quot;,&quot;background_slideshow_transition_duration&quot;:500,&quot;background_slideshow_ken_burns_zoom_direction&quot;:&quot;in&quot;}\">\n\t\t\t<div class=\"elementor-widget-wrap elementor-element-populated\">\n\t\t\t\t\t\t<div class=\"elementor-element elementor-element-8f77ccb elementor-widget elementor-widget-spacer\" data-id=\"8f77ccb\" data-element_type=\"widget\" data-widget_type=\"spacer.default\">\n\t\t\t\t<div class=\"elementor-widget-container\">\n\t\t\t\t\t\t\t<div class=\"elementor-spacer\">\n\t\t\t<div class=\"elementor-spacer-inner\"><\/div>\n\t\t<\/div>\n\t\t\t\t\t\t<\/div>\n\t\t\t\t<\/div>\n\t\t\t\t\t<\/div>\n\t\t<\/div>\n\t\t\t\t\t<\/div>\n\t\t<\/section>\n\t\t\t\t<section class=\"elementor-section elementor-top-section elementor-element elementor-element-cad2e4d elementor-section-content-middle cs-animation-small-offset elementor-section-boxed elementor-section-height-default elementor-section-height-default elementor-invisible\" data-id=\"cad2e4d\" data-element_type=\"section\" data-settings=\"{&quot;animation&quot;:&quot;fadeInUp&quot;,&quot;animation_delay&quot;:300}\">\n\t\t\t\t\t\t<div class=\"elementor-container elementor-column-gap-no\">\n\t\t\t\t\t<div class=\"elementor-column elementor-col-50 elementor-top-column elementor-element elementor-element-d9a2c3d\" data-id=\"d9a2c3d\" data-element_type=\"column\" data-settings=\"{&quot;background_background&quot;:&quot;slideshow&quot;,&quot;background_slideshow_gallery&quot;:[{&quot;id&quot;:1955,&quot;url&quot;:&quot;https:\\\/\\\/www.commanderie-du-touvet.fr\\\/wp-content\\\/uploads\\\/2023\\\/11\\\/parc-1-scaled.jpg&quot;},{&quot;id&quot;:1969,&quot;url&quot;:&quot;https:\\\/\\\/www.commanderie-du-touvet.fr\\\/wp-content\\\/uploads\\\/2023\\\/11\\\/Granier-scaled.jpg&quot;}],&quot;background_slideshow_lazyload&quot;:&quot;yes&quot;,&quot;background_slideshow_ken_burns&quot;:&quot;yes&quot;,&quot;background_slideshow_loop&quot;:&quot;yes&quot;,&quot;background_slideshow_slide_duration&quot;:5000,&quot;background_slideshow_slide_transition&quot;:&quot;fade&quot;,&quot;background_slideshow_transition_duration&quot;:500,&quot;background_slideshow_ken_burns_zoom_direction&quot;:&quot;in&quot;}\">\n\t\t\t<div class=\"elementor-widget-wrap elementor-element-populated\">\n\t\t\t\t\t\t<div class=\"elementor-element elementor-element-095efb9 elementor-widget elementor-widget-spacer\" data-id=\"095efb9\" data-element_type=\"widget\" data-widget_type=\"spacer.default\">\n\t\t\t\t<div class=\"elementor-widget-container\">\n\t\t\t\t\t\t\t<div class=\"elementor-spacer\">\n\t\t\t<div class=\"elementor-spacer-inner\"><\/div>\n\t\t<\/div>\n\t\t\t\t\t\t<\/div>\n\t\t\t\t<\/div>\n\t\t\t\t\t<\/div>\n\t\t<\/div>\n\t\t\t\t<div class=\"elementor-column elementor-col-50 elementor-top-column elementor-element elementor-element-788170d\" data-id=\"788170d\" data-element_type=\"column\" data-settings=\"{&quot;background_background&quot;:&quot;classic&quot;}\">\n\t\t\t<div class=\"elementor-widget-wrap elementor-element-populated\">\n\t\t\t\t\t\t<div class=\"elementor-element elementor-element-abe40c1 elementor-widget elementor-widget-cs_title\" data-id=\"abe40c1\" data-element_type=\"widget\" data-widget_type=\"cs_title.default\">\n\t\t\t\t<div class=\"elementor-widget-container\">\n\t\t\t\t\t\n        <div class=\"cs-title-wrap\">\t            <h4 class=\"cs-title\">\n\t                Le Parc\t            <\/h4>\t            <div class=\"cs-title-text\">\n\t                <p>Un immense parc pour organiser des activit\u00e9s de d\u00e9tente.<\/p><p>\u00a0<\/p><p>\u00a0<\/p>\t            <\/div>        <\/div>\t\t\t\t<\/div>\n\t\t\t\t<\/div>\n\t\t\t\t\t<\/div>\n\t\t<\/div>\n\t\t\t\t\t<\/div>\n\t\t<\/section>\n\t\t\t\t<section class=\"elementor-section elementor-top-section elementor-element elementor-element-2f54579 elementor-section-content-middle cs-animation-small-offset elementor-reverse-tablet elementor-reverse-mobile elementor-section-boxed elementor-section-height-default elementor-section-height-default elementor-invisible\" data-id=\"2f54579\" data-element_type=\"section\" data-settings=\"{&quot;animation&quot;:&quot;fadeInUp&quot;,&quot;animation_delay&quot;:300}\">\n\t\t\t\t\t\t<div class=\"elementor-container elementor-column-gap-no\">\n\t\t\t\t\t<div class=\"elementor-column elementor-col-50 elementor-top-column elementor-element elementor-element-7c22243\" data-id=\"7c22243\" data-element_type=\"column\" data-settings=\"{&quot;background_background&quot;:&quot;classic&quot;}\">\n\t\t\t<div class=\"elementor-widget-wrap elementor-element-populated\">\n\t\t\t\t\t\t<div class=\"elementor-element elementor-element-ecd5f37 elementor-widget elementor-widget-cs_title\" data-id=\"ecd5f37\" data-element_type=\"widget\" data-widget_type=\"cs_title.default\">\n\t\t\t\t<div class=\"elementor-widget-container\">\n\t\t\t\t\t\n        <div class=\"cs-title-wrap\">\t            <h4 class=\"cs-title\">\n\t                La Piscine\t            <\/h4>\t            <div class=\"cs-title-text\">\n\t                <p>Une piscine de 55m2 ouverte du 1er juin au 30 septembre avec une terrasse couverte, un coin pour se changer, deux toilettes, une douche.<\/p>\t            <\/div>        <\/div>\t\t\t\t<\/div>\n\t\t\t\t<\/div>\n\t\t\t\t\t<\/div>\n\t\t<\/div>\n\t\t\t\t<div class=\"elementor-column elementor-col-50 elementor-top-column elementor-element elementor-element-3a62af5\" data-id=\"3a62af5\" data-element_type=\"column\" data-settings=\"{&quot;background_background&quot;:&quot;slideshow&quot;,&quot;background_slideshow_gallery&quot;:[{&quot;id&quot;:1956,&quot;url&quot;:&quot;https:\\\/\\\/www.commanderie-du-touvet.fr\\\/wp-content\\\/uploads\\\/2023\\\/11\\\/piscine-1-scaled.jpg&quot;},{&quot;id&quot;:2562,&quot;url&quot;:&quot;https:\\\/\\\/www.commanderie-du-touvet.fr\\\/wp-content\\\/uploads\\\/2023\\\/11\\\/piscine-2.jpg&quot;}],&quot;background_slideshow_lazyload&quot;:&quot;yes&quot;,&quot;background_slideshow_ken_burns&quot;:&quot;yes&quot;,&quot;background_slideshow_loop&quot;:&quot;yes&quot;,&quot;background_slideshow_slide_duration&quot;:5000,&quot;background_slideshow_slide_transition&quot;:&quot;fade&quot;,&quot;background_slideshow_transition_duration&quot;:500,&quot;background_slideshow_ken_burns_zoom_direction&quot;:&quot;in&quot;}\">\n\t\t\t<div class=\"elementor-widget-wrap elementor-element-populated\">\n\t\t\t\t\t\t<div class=\"elementor-element elementor-element-e2bea46 elementor-widget elementor-widget-spacer\" data-id=\"e2bea46\" data-element_type=\"widget\" data-widget_type=\"spacer.default\">\n\t\t\t\t<div class=\"elementor-widget-container\">\n\t\t\t\t\t\t\t<div class=\"elementor-spacer\">\n\t\t\t<div class=\"elementor-spacer-inner\"><\/div>\n\t\t<\/div>\n\t\t\t\t\t\t<\/div>\n\t\t\t\t<\/div>\n\t\t\t\t\t<\/div>\n\t\t<\/div>\n\t\t\t\t\t<\/div>\n\t\t<\/section>\n\t\t\t\t<section class=\"elementor-section elementor-top-section elementor-element elementor-element-930dce9 elementor-section-content-middle cs-animation-small-offset elementor-section-boxed elementor-section-height-default elementor-section-height-default elementor-invisible\" data-id=\"930dce9\" data-element_type=\"section\" data-settings=\"{&quot;animation&quot;:&quot;fadeInUp&quot;,&quot;animation_delay&quot;:300}\">\n\t\t\t\t\t\t<div class=\"elementor-container elementor-column-gap-no\">\n\t\t\t\t\t<div class=\"elementor-column elementor-col-50 elementor-top-column elementor-element elementor-element-b9a8dca\" data-id=\"b9a8dca\" data-element_type=\"column\" data-settings=\"{&quot;background_background&quot;:&quot;slideshow&quot;,&quot;background_slideshow_gallery&quot;:[{&quot;id&quot;:1937,&quot;url&quot;:&quot;https:\\\/\\\/www.commanderie-du-touvet.fr\\\/wp-content\\\/uploads\\\/2023\\\/11\\\/chapiteau-1-scaled.jpg&quot;},{&quot;id&quot;:2566,&quot;url&quot;:&quot;https:\\\/\\\/www.commanderie-du-touvet.fr\\\/wp-content\\\/uploads\\\/2023\\\/11\\\/G0123593.jpg&quot;}],&quot;background_slideshow_lazyload&quot;:&quot;yes&quot;,&quot;background_slideshow_ken_burns&quot;:&quot;yes&quot;,&quot;background_slideshow_loop&quot;:&quot;yes&quot;,&quot;background_slideshow_slide_duration&quot;:5000,&quot;background_slideshow_slide_transition&quot;:&quot;fade&quot;,&quot;background_slideshow_transition_duration&quot;:500,&quot;background_slideshow_ken_burns_zoom_direction&quot;:&quot;in&quot;}\">\n\t\t\t<div class=\"elementor-widget-wrap elementor-element-populated\">\n\t\t\t\t\t\t<div class=\"elementor-element elementor-element-a642fdb elementor-widget elementor-widget-spacer\" data-id=\"a642fdb\" data-element_type=\"widget\" data-widget_type=\"spacer.default\">\n\t\t\t\t<div class=\"elementor-widget-container\">\n\t\t\t\t\t\t\t<div class=\"elementor-spacer\">\n\t\t\t<div class=\"elementor-spacer-inner\"><\/div>\n\t\t<\/div>\n\t\t\t\t\t\t<\/div>\n\t\t\t\t<\/div>\n\t\t\t\t\t<\/div>\n\t\t<\/div>\n\t\t\t\t<div class=\"elementor-column elementor-col-50 elementor-top-column elementor-element elementor-element-1e347e6\" data-id=\"1e347e6\" data-element_type=\"column\" data-settings=\"{&quot;background_background&quot;:&quot;classic&quot;}\">\n\t\t\t<div class=\"elementor-widget-wrap elementor-element-populated\">\n\t\t\t\t\t\t<div class=\"elementor-element elementor-element-fa8fdab elementor-widget elementor-widget-cs_title\" data-id=\"fa8fdab\" data-element_type=\"widget\" data-widget_type=\"cs_title.default\">\n\t\t\t\t<div class=\"elementor-widget-container\">\n\t\t\t\t\t\n        <div class=\"cs-title-wrap\">\t            <h4 class=\"cs-title\">\n\t                Le Chapiteau\t            <\/h4>\t            <div class=\"cs-title-text\">\n\t                <p>Nous disposons d&rsquo;une structure en toile sur parquet dans le clos permettant d&rsquo;accueillir 150 personnes du 1er juin au 30 septembre.<\/p>\t            <\/div>        <\/div>\t\t\t\t<\/div>\n\t\t\t\t<\/div>\n\t\t\t\t\t<\/div>\n\t\t<\/div>\n\t\t\t\t\t<\/div>\n\t\t<\/section>\n\t\t<div class=\"elementor-element elementor-element-6dd666b e-flex e-con-boxed e-con e-parent\" data-id=\"6dd666b\" data-element_type=\"container\">\n\t\t\t\t\t<div class=\"e-con-inner\">\n\t\t\t\t<div class=\"elementor-element elementor-element-6b11ded elementor-align-center elementor-widget elementor-widget-button\" data-id=\"6b11ded\" data-element_type=\"widget\" data-widget_type=\"button.default\">\n\t\t\t\t<div class=\"elementor-widget-container\">\n\t\t\t\t\t\t\t\t\t<div class=\"elementor-button-wrapper\">\n\t\t\t\t\t<a class=\"elementor-button elementor-button-link elementor-size-sm\" href=\"https:\/\/test.commanderie-du-touvet.fr\/?page_id=206\">\n\t\t\t\t\t\t<span class=\"elementor-button-content-wrapper\">\n\t\t\t\t\t\t\t\t\t<span class=\"elementor-button-text\">Contactez-nous pour un devis<\/span>\n\t\t\t\t\t<\/span>\n\t\t\t\t\t<\/a>\n\t\t\t\t<\/div>\n\t\t\t\t\t\t\t\t<\/div>\n\t\t\t\t<\/div>\n\t\t\t\t\t<\/div>\n\t\t\t\t<\/div>\n\t\t\t\t<\/div>\n\t\t","protected":false},"excerpt":{"rendered":"<p>Mariages &amp; S\u00e9mimaires La Commanderie est parfaitement adapt\u00e9e pour c\u00e9l\u00e9brer mariages, s\u00e9mimaires et r\u00e9unions de famille. R\u00e9servez pour vos mariages les fins de semaines \u00e0 partir de 2500\u20ac R\u00e9servez pour vos s\u00e9minaires en semaine \u00e0 partir de 1500\u20ac Demande de devis Salle des Gardes Avec poutres apparentes, murs en pierres apparentes et sol en tommettes &#8230;<\/p>\n","protected":false},"author":2,"featured_media":0,"parent":0,"menu_order":0,"comment_status":"closed","ping_status":"closed","template":"template-wide-content.php","meta":{"cozystay_single_page_hide_site_header":"","cozystay_single_page_site_header_source":"","cozystay_single_page_custom_site_header":"0","cozystay_single_page_custom_sticky_site_header":"0","cozystay_single_page_hide_page_title":"on","cozystay_single_page_header_section_size":"","cozystay_single_page_header_background_color":"","cozystay_single_page_header_background_position_x":"center","cozystay_single_page_header_background_position_y":"center","cozystay_single_page_header_background_size":"cover","cozystay_single_page_header_background_repeat":"off","cozystay_single_page_header_background_scroll":"on","cozystay_single_page_header_text_color":"","cozystay_single_page_header_show_breadcrumb":"","cozystay_single_page_site_footer_hide_main":"","cozystay_single_custom_site_footer_main_source":"","cozystay_single_custom_site_footer_main":"0","cozystay_single_page_site_footer_hide_above":"","cozystay_single_custom_site_footer_above_source":"","cozystay_single_custom_site_footer_above":"0","cozystay_single_page_site_footer_hide_instagram":"","cozystay_single_page_site_footer_hide_bottom":"","cozystay_single_custom_mobile_menu_source":"","cozystay_single_custom_mobile_menu":"0","cozystay_single_custom_mobile_menu_animation":"","cozystay_single_custom_mobile_menu_width":"","cozystay_single_custom_mobile_menu_custom_width":375,"footnotes":""},"class_list":["post-2317","page","type-page","status-publish","hentry"],"_links":{"self":[{"href":"https:\/\/www.commanderie-du-touvet.fr\/index.php?rest_route=\/wp\/v2\/pages\/2317","targetHints":{"allow":["GET"]}}],"collection":[{"href":"https:\/\/www.commanderie-du-touvet.fr\/index.php?rest_route=\/wp\/v2\/pages"}],"about":[{"href":"https:\/\/www.commanderie-du-touvet.fr\/index.php?rest_route=\/wp\/v2\/types\/page"}],"author":[{"embeddable":true,"href":"https:\/\/www.commanderie-du-touvet.fr\/index.php?rest_route=\/wp\/v2\/users\/2"}],"replies":[{"embeddable":true,"href":"https:\/\/www.commanderie-du-touvet.fr\/index.php?rest_route=%2Fwp%2Fv2%2Fcomments&post=2317"}],"version-history":[{"count":9,"href":"https:\/\/www.commanderie-du-touvet.fr\/index.php?rest_route=\/wp\/v2\/pages\/2317\/revisions"}],"predecessor-version":[{"id":3470,"href":"https:\/\/www.commanderie-du-touvet.fr\/index.php?rest_route=\/wp\/v2\/pages\/2317\/revisions\/3470"}],"wp:attachment":[{"href":"https:\/\/www.commanderie-du-touvet.fr\/index.php?rest_route=%2Fwp%2Fv2%2Fmedia&parent=2317"}],"curies":[{"name":"wp","href":"https:\/\/api.w.org\/{rel}","templated":true}]}}